{"id":1112,"date":"2023-01-31T20:00:00","date_gmt":"2023-01-31T19:00:00","guid":{"rendered":"https:\/\/perfekt-hnk.de\/s\/?page_id=1112"},"modified":"2025-05-08T12:32:56","modified_gmt":"2025-05-08T10:32:56","slug":"leistungenpreise","status":"publish","type":"page","link":"https:\/\/perfekt-hnk.de\/s\/leistungenpreise\/","title":{"rendered":"Leistungen und Preise"},"content":{"rendered":"\n<h1 class=\"wp-block-heading\">Leistungen und Preise<\/h1>\n\n\n\n<h3 class=\"wp-block-heading\"><strong>DAMEN HAARSCHNITT &amp; STYLING <\/strong><\/h3>\n\n\n\n<p>Individuelle Beratung \u00b7 Verw\u00f6hnhaarw\u00e4sche mit Massage\u00b7 Typgerechter Haarschnitt \u00b7 Modisches Frisurenstyling <\/p>\n\n\n\n<figure class=\"wp-block-table is-style-pricelist has-medium-font-size\"><table><tbody><tr><td><\/td><td class=\"has-text-align-right\" data-align=\"right\">ab<\/td><\/tr><tr><td>Top- &amp; Masterstylist <\/td><td class=\"has-text-align-right\" data-align=\"right\">54,00 <\/td><\/tr><tr><td>Srebrenka Simic <\/td><td class=\"has-text-align-right\" data-align=\"right\">60,00<\/td><\/tr><\/tbody><\/table><\/figure>\n\n\n\n<h3 class=\"wp-block-heading\"><strong>DAMEN HAARW\u00c4SCHE &amp; STYLING <\/strong><\/h3>\n\n\n\n<p>Individuelle Beratung \u00b7 Verw\u00f6hnhaarw\u00e4sche mit Massage \u00b7 Typgerechtes Styling <\/p>\n\n\n\n<figure class=\"wp-block-table is-style-pricelist has-medium-font-size\"><table><tbody><tr><td>Top- &amp; Masterstylist <\/td><td class=\"has-text-align-right\" data-align=\"right\">25,00<\/td><\/tr><tr><td>Srebrenka Simic <\/td><td class=\"has-text-align-right\" data-align=\"right\">27,00<\/td><\/tr><\/tbody><\/table><\/figure>\n\n\n\n<h3 class=\"wp-block-heading\"><strong>HERRENHAARSCHNITT &amp; STYLING <\/strong><\/h3>\n\n\n\n<p>Individuelle Beratung \u00b7 Verw\u00f6hnhaarw\u00e4sche mit Massage \u00b7 Typgerechter Haarschnitt \u00b7 Modisches Frisurenstyling<\/p>\n\n\n\n<figure class=\"wp-block-table is-style-pricelist has-medium-font-size\"><table><tbody><tr><td>Top- &amp; Masterstylist \/ Srebrenka Simic  <\/td><td class=\"has-text-align-right\" data-align=\"right\">37,00 \/ 40,00<\/td><\/tr><\/tbody><\/table><\/figure>\n\n\n\n<h3 class=\"wp-block-heading\"><strong>HERRENHAARSCHNIT <\/strong><\/h3>\n\n\n\n<p>Individuelle Beratung \u00b7 Typgerechter Haarschnitt <\/p>\n\n\n\n<figure class=\"wp-block-table is-style-pricelist has-medium-font-size\"><table><tbody><tr><td>Top- &amp; Masterstylist \/ Srebrenka Simic  <\/td><td class=\"has-text-align-right\" data-align=\"right\">32,00 \/ 35,00<\/td><\/tr><\/tbody><\/table><\/figure>\n\n\n\n<h3 class=\"wp-block-heading\"><strong>KINDERHAARSCHNITT<\/strong><\/h3>\n\n\n\n<p>Individuelle Beratung  \u00b7 Typgerechter Haarschnitt <\/p>\n\n\n\n<figure class=\"wp-block-table is-style-pricelist has-medium-font-size\"><table><tbody><tr><td>Jungen\/M\u00e4dchen Haarschnitt bis 14 Jahre <\/td><td class=\"has-text-align-right\" data-align=\"right\">28,00<\/td><\/tr><\/tbody><\/table><\/figure>\n\n\n\n<h3 class=\"wp-block-heading\"><strong>COLORATION <\/strong><\/h3>\n\n\n\n<p>Individuelle Farbtonberatung \u00b7 Kopfhautschutz \u00b7 Sanfte und haltbare Farbbehandlung \u00b7 Spezielle Farbversiegelung <\/p>\n\n\n\n<figure class=\"wp-block-table is-style-pricelist has-medium-font-size\"><table><tbody><tr><td>Ansatzf\u00e4rbung <\/td><td class=\"has-text-align-right\" data-align=\"right\"> 49,00<\/td><\/tr><tr><td>L\u00e4ngenausgleich <\/td><td class=\"has-text-align-right\" data-align=\"right\">11,00<\/td><\/tr><tr><td>T\u00f6nung<\/td><td class=\"has-text-align-right\" data-align=\"right\"> 48,00<\/td><\/tr><tr><td>Blondieren <\/td><td class=\"has-text-align-right\" data-align=\"right\"> 49,00<\/td><\/tr><\/tbody><\/table><\/figure>\n\n\n\n<h3 class=\"wp-block-heading\"><strong>STR\u00c4HNENTECHNIK  <\/strong><\/h3>\n\n\n\n<p>Individuelle Farbeffekte \u00b7 Spezielle Farbversiegelung  <\/p>\n\n\n\n<figure class=\"wp-block-table is-style-pricelist has-medium-font-size\"><table><tbody><tr><td>Top- &amp; Masterstylist \/ Srebrenka Simic  <\/td><td class=\"has-text-align-right\" data-align=\"right\">nach Aufwand <\/td><\/tr><\/tbody><\/table><\/figure>\n\n\n\n<h3 class=\"wp-block-heading\"><strong>BALAYAGE &amp; FREIHANDTECHNIK <\/strong><\/h3>\n\n\n\n<p>Wie von der Sonne gek\u00fcsst <\/p>\n\n\n\n<figure class=\"wp-block-table is-style-pricelist has-medium-font-size\"><table><tbody><tr><td>Top- &amp; Masterstylist \/ Srebrenka Simic  <\/td><td class=\"has-text-align-right\" data-align=\"right\">nach Aufwand <\/td><\/tr><\/tbody><\/table><\/figure>\n\n\n\n<h3 class=\"wp-block-heading\"><strong>GLOSSING<\/strong><\/h3>\n\n\n\n<p>Farbveredelung schonend ohne Ammoniak \u00b7 Meist erg\u00e4nzend f\u00fcr gezielte Farbergebnisse nach Str\u00e4hnen oder Balayage <\/p>\n\n\n\n<figure class=\"wp-block-table is-style-pricelist has-medium-font-size\"><table><tbody><tr><td>Top- &amp; Masterstylist \/ Srebrenka Simic  <\/td><td class=\"has-text-align-right\" data-align=\"right\">30,00 <\/td><\/tr><\/tbody><\/table><\/figure>\n\n\n\n<h3 class=\"wp-block-heading\"><strong>UMFORMUNG <\/strong><\/h3>\n\n\n\n<p>Typgerechte Beratung \u00b7 Kopfhautschutz \u00b7 Schonende Umformung \u00b7 Keratinh\u00e4rtende Nachbehandlung <\/p>\n\n\n\n<figure class=\"wp-block-table is-style-pricelist has-medium-font-size\"><table><tbody><tr><td>Top- &amp; Masterstylist  <\/td><td class=\"has-text-align-right\" data-align=\"right\">65,00 <\/td><\/tr><\/tbody><\/table><\/figure>\n\n\n\n<h3 class=\"wp-block-heading\"><strong>HAARPFLEGE<\/strong><\/h3>\n\n\n\n<figure class=\"wp-block-table is-style-pricelist has-medium-font-size\"><table><tbody><tr><td><strong>Schnellhaarpflege<\/strong><br>Aufbau des Feuchtigkeitshaushalts \u00b7 Ausgleich der Haarstruktur \u00b7 Mehr Glanz und Elastizit\u00e4t <\/td><td class=\"has-text-align-right\" data-align=\"right\">                        6,00         <\/td><\/tr><tr><td><strong>Intensivhaarpflege <\/strong><br>Regeneration der Haarstruktur \u00b7  F\u00fcr mehr Glanz und Frisierbarkeit <\/td><td class=\"has-text-align-right\" data-align=\"right\"> 18,00<\/td><\/tr><tr><td><strong>Oil Therapie <\/strong><br>Pflege f\u00fcr kraftvolle Elastizit\u00e4t \u00b7 Geschmeidige F\u00fclle \u00b7 Maximaler Glanz<br>Vital &#8211; f\u00fcr kr\u00e4ftiges Haar <br>Volumen &#8211; f\u00fcr feines Haar <\/td><td class=\"has-text-align-right\" data-align=\"right\">33,00<\/td><\/tr><tr><td><strong>Colour Protection &#8211; MMC<\/strong><br>Schutz und Rekonstruktion der inneren Haarstruktur bei chemischen Behandlungen <\/td><td class=\"has-text-align-right\" data-align=\"right\">28,00<\/td><\/tr><\/tbody><\/table><\/figure>\n\n\n\n<h3 class=\"wp-block-heading\"><strong>KOPFHAUTPFLEGE<\/strong> <\/h3>\n\n\n\n<figure class=\"wp-block-table is-style-pricelist has-medium-font-size\"><table><tbody><tr><td>Individuelle Kopfhautbehandlung <br>Tiefenregeneration der Kopfhaut \u00b7 Kopfmassage <\/td><td class=\"has-text-align-right\" data-align=\"right\">9,00<\/td><\/tr><tr><td>Spezialbehandlung gegen Haarausfall <br>Ampulle \u00b7 Kopfmassage <\/td><td class=\"has-text-align-right\" data-align=\"right\"> 15,00 <\/td><\/tr><tr><td>Spezialbehandlung gegen Schuppen<br>Befreit die Kopfhaut von Schuppen  <\/td><td class=\"has-text-align-right\" data-align=\"right\"> 28,00  <\/td><\/tr><\/tbody><\/table><\/figure>\n\n\n\n<h3 class=\"wp-block-heading\"><strong>HAARVERL\u00c4NGERUNG<\/strong> \/ <strong>HAARVERDICHTUNG <\/strong><\/h3>\n\n\n\n<p>Echthaarstr\u00e4hnen (Bondings) \u00b7 Schonende Ultraschalltechnik von Great Lenghts<\/p>\n\n\n\n<figure class=\"wp-block-table is-style-pricelist has-medium-font-size\"><table><tbody><tr><td>Top- &amp; Masterstylist \/ Srebrenka Simic  <\/td><td class=\"has-text-align-right\" data-align=\"right\">nach Aufwand <\/td><\/tr><\/tbody><\/table><\/figure>\n\n\n\n<h3 class=\"wp-block-heading\"><strong>HOCHSTECKFRISUR <\/strong><\/h3>\n\n\n\n<p>Typgerechte Beratung je nach Anlass <\/p>\n\n\n\n<figure class=\"wp-block-table is-style-pricelist has-medium-font-size\"><table><tbody><tr><td>Top- &amp; Masterstylist \/ Srebrenka Simic  <\/td><td class=\"has-text-align-right\" data-align=\"right\">nach Aufwand <\/td><\/tr><\/tbody><\/table><\/figure>\n\n\n\n<p class=\"has-text-align-center has-text-color has-small-font-size\" style=\"color:#808080\">Alle Preise in Euro inklusive Mehrwertsteuer. \u00c4nderungen und Fehler vorbehalten.<\/p>\n","protected":false},"excerpt":{"rendered":"<p>Leistungen und Preise DAMEN HAARSCHNITT &amp; STYLING Individuelle Beratung \u00b7 Verw\u00f6hnhaarw\u00e4sche mit Massage\u00b7 Typgerechter Haarschnitt \u00b7 Modisches Frisurenstyling ab Top- &amp; Masterstylist 54,00 Srebrenka Simic 60,00 DAMEN HAARW\u00c4SCHE &amp; STYLING Individuelle Beratung \u00b7 Verw\u00f6hnhaarw\u00e4sche mit Massage \u00b7 Typgerechtes Styling Top- &amp; Masterstylist 25,00 Srebrenka Simic 27,00 HERRENHAARSCHNITT &amp; STYLING Individuelle Beratung \u00b7 Verw\u00f6hnhaarw\u00e4sche mit Massage [&hellip;]<\/p>\n","protected":false},"author":1,"featured_media":0,"parent":0,"menu_order":0,"comment_status":"closed","ping_status":"closed","template":"","meta":{"footnotes":""},"aioseo_notices":[],"_links":{"self":[{"href":"https:\/\/perfekt-hnk.de\/s\/wp-json\/wp\/v2\/pages\/1112"}],"collection":[{"href":"https:\/\/perfekt-hnk.de\/s\/wp-json\/wp\/v2\/pages"}],"about":[{"href":"https:\/\/perfekt-hnk.de\/s\/wp-json\/wp\/v2\/types\/page"}],"author":[{"embeddable":true,"href":"https:\/\/perfekt-hnk.de\/s\/wp-json\/wp\/v2\/users\/1"}],"replies":[{"embeddable":true,"href":"https:\/\/perfekt-hnk.de\/s\/wp-json\/wp\/v2\/comments?post=1112"}],"version-history":[{"count":25,"href":"https:\/\/perfekt-hnk.de\/s\/wp-json\/wp\/v2\/pages\/1112\/revisions"}],"predecessor-version":[{"id":1436,"href":"https:\/\/perfekt-hnk.de\/s\/wp-json\/wp\/v2\/pages\/1112\/revisions\/1436"}],"wp:attachment":[{"href":"https:\/\/perfekt-hnk.de\/s\/wp-json\/wp\/v2\/media?parent=1112"}],"curies":[{"name":"wp","href":"https:\/\/api.w.org\/{rel}","templated":true}]}}